{"id":1315,"date":"2021-05-24T10:07:36","date_gmt":"2021-05-24T08:07:36","guid":{"rendered":"https:\/\/www.lehena.com\/handi-surf-hendaye\/"},"modified":"2021-07-22T16:30:14","modified_gmt":"2021-07-22T14:30:14","slug":"handi-surf-hendaya","status":"publish","type":"page","link":"https:\/\/www.lehena.com\/es\/handi-surf-hendaya\/","title":{"rendered":"Handi Surf"},"content":{"rendered":"<section id=\"section-5f44d4e49e6de\"\" class=\"section third-home bg-white\" \/><div class=\"container extralarge\"><h1 class=\"element section-title center\">Nuestros cursos de Handi Surf en Hendaya<\/h1><div class=\"element images\"><div class=\"image\"><img decoding=\"async\" src=\"https:\/\/www.lehena.com\/wp-content\/uploads\/2021\/05\/surf-lehena-100x8.png\" data-src=\"https:\/\/www.lehena.com\/wp-content\/uploads\/2021\/05\/surf-lehena.png\" alt=\"cours de surf pays basque\" class=\"images_image\" \/><\/div><\/div><\/div><\/section>\n\n<section id=\"section-5f44e1eb795e0\"\" class=\"section bg-white p-t-0 p-b-0\" \/><div class=\"container full\"><div class=\"colonnes-wrap valign-middle \"><div class=\"element colonne w-20 p-0\"><div class=\"element images\"><div class=\"image\"><img decoding=\"async\" src=\"https:\/\/www.lehena.com\/wp-content\/uploads\/2021\/07\/handi-surf-pays-basque-100x97.jpg\" data-src=\"https:\/\/www.lehena.com\/wp-content\/uploads\/2021\/07\/handi-surf-pays-basque.jpg\" alt=\"handi surf pays basque\" class=\"images_image\" \/><\/div><\/div><div class=\"element images\"><div class=\"image\"><img decoding=\"async\" src=\"https:\/\/www.lehena.com\/wp-content\/uploads\/2021\/07\/cours-surf-pas-cher-hendaye-2-100x97.jpg\" data-src=\"https:\/\/www.lehena.com\/wp-content\/uploads\/2021\/07\/cours-surf-pas-cher-hendaye-2.jpg\" alt=\"cours surf pas cher hendaye\" class=\"images_image\" \/><\/div><\/div><\/div><div class=\"element colonne w-60 p-x-6 p-y-4\"><h2 class=\"element section-title center\">Escuela de surf Handi en el Pa\u00eds Vasco<\/h2><div class=\"element bloc-text center \">\n\t<p>La <a href=\"\/es\/\">Escuela de Surf Lehena<\/a> fue la primera estructura francesa en recibir la etiqueta Handi Surf otorgada por la <a href=\"http:\/\/www.handi-surf.org\/\"target=\"_blank\" rel=\"noopener\"\">Asociaci\u00f3n Nacional de Handi-Surf<\/a> en 2013. Este sello garantiza una acogida de calidad y un apoyo en las olas a las personas sea cual sea su discapacidad.<\/p>\n<p>Estamos formados (educador especializado para Julien y titulaci\u00f3n STAPS en actividades f\u00edsicas\/salud adaptadas para Battitt) en el <strong class=\"bold color1\">acompa\u00f1amiento deportivo y social de p\u00fablicos espec\u00edficos<\/strong>, pero tambi\u00e9n reconocidos en el entorno <strong class=\"bold color1\">parasport<\/strong> (entrenador del equipo franc\u00e9s de parasurf). <\/p>\n<p>En la actualidad, acogemos tanto a particulares como a instituciones para diversos proyectos (puntuales o ciclos) vinculados al descubrimiento y la progresi\u00f3n en las disciplinas del <strong class=\"bold color1\">parasurf\/parasurf adaptado<\/strong>. <\/p>\n<p>La playa de Hendaya es un gran campo de juego para esta pr\u00e1ctica con sus suaves olas. Estamos equipados con una <strong class=\"bold color1\">silla de playa para caballos<\/strong> para una mejor accesibilidad al medio acu\u00e1tico.<\/p>\n<\/div><\/div><div class=\"element colonne w-20 p-0\"><div class=\"element images\"><div class=\"image\"><img decoding=\"async\" src=\"https:\/\/www.lehena.com\/wp-content\/uploads\/2021\/07\/parasurf-pays-basque-100x97.jpg\" data-src=\"https:\/\/www.lehena.com\/wp-content\/uploads\/2021\/07\/parasurf-pays-basque.jpg\" alt=\"parasurf pays basque\" class=\"images_image\" \/><\/div><\/div><div class=\"element images\"><div class=\"image\"><img decoding=\"async\" src=\"https:\/\/www.lehena.com\/wp-content\/uploads\/2021\/07\/parasurf-hendaye-100x97.jpg\" data-src=\"https:\/\/www.lehena.com\/wp-content\/uploads\/2021\/07\/parasurf-hendaye.jpg\" alt=\"parasurf hendaye\" class=\"images_image\" \/><\/div><\/div><\/div><\/div><\/div><\/section>\n\n<section id=\"section-5f44e1eb79f1b\"\" class=\"section bg-color1 p-t-0 p-b-0\" \/><div class=\"container full\"><div class=\"colonnes-wrap valign-middle \"><div class=\"element colonne p-0\"><div class=\"element images\"><div class=\"image\"><img decoding=\"async\" src=\"https:\/\/www.lehena.com\/wp-content\/uploads\/2021\/07\/handisurf-hendaye-100x68.jpg\" data-src=\"https:\/\/www.lehena.com\/wp-content\/uploads\/2021\/07\/handisurf-hendaye.jpg\" alt=\"parasurf hendaye\" class=\"images_image\" \/><\/div><\/div><\/div><div class=\"element colonne p-x-8 p-y-10\"><h2 class=\"element section-title justify\">Parasurf en Hendaya<\/h2><div class=\"element bloc-text justify \">\n\t<p>Tras m\u00e1s de diez a\u00f1os de desarrollo de la pr\u00e1ctica del <strong class=\"bold color3\">handi-surfing<\/strong>, hemos podido compartir nuestra pasi\u00f3n por el surf con personas de diversos perfiles y patolog\u00edas: paraplejias, tetraplejias, amputados de uno o varios miembros, enfermedades discapacitantes (EM,&#8230;), hemiplejias, discapacitados visuales o ciegos&#8230; pero tambi\u00e9n un amplio p\u00fablico con una discapacidad mental, cognitiva o ps\u00edquica (ni\u00f1os con autismo,&#8230;).<\/p>\n<p>Adaptamos la pr\u00e1ctica a las potencialidades y necesidades de cada persona en condiciones \u00f3ptimas de seguridad: de pie, de rodillas, tumbado (solo, asistido o en t\u00e1ndem). Seg\u00fan los deseos y aspiraciones de cada uno tratamos de ir hacia una autonom\u00eda de cada uno en su pr\u00e1ctica cuando es posible.<\/p>\n<p>Estamos convencidos de los beneficios de utilizar el oc\u00e9ano y el surf como mediaci\u00f3n con un gran p\u00fablico, con fines de bienestar y salud.<\/p>\n<p>No dude en ponerse en contacto con nosotros para estudiar la f\u00f3rmula que m\u00e1s se adapte a usted.<\/p>\n<\/div><\/div><\/div><\/div><\/section>\n\n<section id=\"section-60f980f398e61\"\" class=\"section bg-white\" \/><div class=\"container\"><h2 class=\"element section-title justify\">Nuestros socios<\/h2><div class=\"element bloc-text justify \">\n\t<p style=\"text-align: center;\"><img decoding=\"async\" class=\"alignnone size-medium wp-image-2280\" src=\"https:\/\/www.lehena.com\/wp-content\/uploads\/2021\/07\/logo-surf-sante-300x300.jpg\" alt=\"logo-surf-sante\" width=\"150\" height=\"150\" srcset=\"https:\/\/www.lehena.com\/wp-content\/uploads\/2021\/07\/logo-surf-sante-300x300.jpg 300w, https:\/\/www.lehena.com\/wp-content\/uploads\/2021\/07\/logo-surf-sante-150x150.jpg 150w, https:\/\/www.lehena.com\/wp-content\/uploads\/2021\/07\/logo-surf-sante-100x100.jpg 100w, https:\/\/www.lehena.com\/wp-content\/uploads\/2021\/07\/logo-surf-sante.jpg 500w\" sizes=\"(max-width: 150px) 100vw, 150px\" \/> <img decoding=\"async\" class=\"alignnone size-medium wp-image-2283\" src=\"https:\/\/www.lehena.com\/wp-content\/uploads\/2021\/07\/logo-handi-surf-300x300.png\" alt=\"logo-handi-surf\" width=\"150\" height=\"150\" srcset=\"https:\/\/www.lehena.com\/wp-content\/uploads\/2021\/07\/logo-handi-surf-300x300.png 300w, https:\/\/www.lehena.com\/wp-content\/uploads\/2021\/07\/logo-handi-surf-150x150.png 150w, https:\/\/www.lehena.com\/wp-content\/uploads\/2021\/07\/logo-handi-surf-100x100.png 100w, https:\/\/www.lehena.com\/wp-content\/uploads\/2021\/07\/logo-handi-surf.png 500w\" sizes=\"(max-width: 150px) 100vw, 150px\" \/><\/p>\n<\/div><\/div><\/section>\n\n<section id=\"section-5f44e1eb7b004\"\" class=\"section bg-color3\" \/><div class=\"container extralarge\"><div class=\"element section-title center titre-cta\">Nuestro equipo y nuestros servicios<\/div><ul class=\"liste-de-page\"><li class=\"element call-to-action carre call-to-action--style-1 call-to-action--normal\"><a href=\"https:\/\/www.lehena.com\/es\/equipo-surf-hendaya\/\"  class=\"call-to-action_link\" title=\"M\u00e1s informaci\u00f3n el equipo\"><div class=\"call-to-action_image\"><img decoding=\"async\" src=\"https:\/\/www.lehena.com\/wp-content\/uploads\/2021\/07\/ecole-de-surf-st-jean-de-luz-100x53.jpg\" data-src=\"https:\/\/www.lehena.com\/wp-content\/uploads\/2021\/07\/ecole-de-surf-st-jean-de-luz.jpg\" alt=\"ecole de surf st jean de luz\" class=\"normal\" \/><\/div><div class=\"call-to-action_contenu\"><div class=\"call-to-action_titre\">El equipo<\/div><\/div><\/a><\/li><li class=\"element call-to-action carre call-to-action--style-1 call-to-action--normal call-to-action--style-1 call-to-action--normal\"><a href=\"https:\/\/www.lehena.com\/es\/alquiler-surf-hendaya\/\"  class=\"call-to-action_link\" title=\"M\u00e1s informaci\u00f3n alquiler de material de surf\"><div class=\"call-to-action_image\"><img decoding=\"async\" src=\"https:\/\/www.lehena.com\/wp-content\/uploads\/2021\/07\/location-materiel-surf-hendaye-100x51.jpg\" data-src=\"https:\/\/www.lehena.com\/wp-content\/uploads\/2021\/07\/location-materiel-surf-hendaye.jpg\" alt=\"location materiel surf hendaye\" class=\"normal\" \/><\/div><div class=\"call-to-action_contenu\"><div class=\"call-to-action_titre\">Alquiler de material de surf<\/div><\/div><\/a><\/li><li class=\"element call-to-action carre call-to-action--style-1 call-to-action--normal call-to-action--style-1 call-to-action--normal call-to-action--style-1 call-to-action--normal\"><a href=\"https:\/\/www.lehena.com\/es\/fotografias-surf-hendaya\/\"  class=\"call-to-action_link\" title=\"M\u00e1s informaci\u00f3n reportaje fotogr\u00e1fico\"><div class=\"call-to-action_image\"><img decoding=\"async\" src=\"https:\/\/www.lehena.com\/wp-content\/uploads\/2021\/07\/photos-surf-hendaye-100x21.jpg\" data-src=\"https:\/\/www.lehena.com\/wp-content\/uploads\/2021\/07\/photos-surf-hendaye.jpg\" alt=\"photos surf hendaye\" class=\"normal\" \/><\/div><div class=\"call-to-action_contenu\"><div class=\"call-to-action_titre\">Reportaje fotogr\u00e1fico<\/div><\/div><\/a><\/li><\/ul><\/div><\/section>","protected":false},"excerpt":{"rendered":"","protected":false},"author":1,"featured_media":1118,"parent":0,"menu_order":0,"comment_status":"closed","ping_status":"closed","template":"","meta":{"_acf_changed":false,"footnotes":""},"class_list":["post-1315","page","type-page","status-publish","has-post-thumbnail","hentry"],"acf":[],"yoast_head":"<!-- This site is optimized with the Yoast SEO plugin v25.3 - https:\/\/yoast.com\/wordpress\/plugins\/seo\/ -->\n<title>Handi Surf Pa\u00eds Vasco | Surf para discapacitados Hendaya | Parasurf Hendaya (64)<\/title>\n<meta name=\"description\" content=\"Lehena, la primera escuela de surf certificada por Handi Surf en Francia: aprende a surfear incluso con una minusval\u00eda gracias a nuestros monitores cualificados en esta especialidad\" \/>\n<meta name=\"robots\" content=\"index, follow, max-snippet:-1, max-image-preview:large, max-video-preview:-1\" \/>\n<link rel=\"canonical\" href=\"https:\/\/www.lehena.com\/es\/handi-surf-hendaya\/\" \/>\n<meta property=\"og:locale\" content=\"es_ES\" \/>\n<meta property=\"og:type\" content=\"article\" \/>\n<meta property=\"og:title\" content=\"Handi Surf Pa\u00eds Vasco | Surf para discapacitados Hendaya | Parasurf Hendaya (64)\" \/>\n<meta property=\"og:description\" content=\"Lehena, la primera escuela de surf certificada por Handi Surf en Francia: aprende a surfear incluso con una minusval\u00eda gracias a nuestros monitores cualificados en esta especialidad\" \/>\n<meta property=\"og:url\" content=\"https:\/\/www.lehena.com\/es\/handi-surf-hendaya\/\" \/>\n<meta property=\"og:site_name\" content=\"Lehena\" \/>\n<meta property=\"article:modified_time\" content=\"2021-07-22T14:30:14+00:00\" \/>\n<meta property=\"og:image\" content=\"https:\/\/www.lehena.com\/wp-content\/uploads\/2021\/07\/handisurf-pays-basque-1.jpg\" \/>\n\t<meta property=\"og:image:width\" content=\"1900\" \/>\n\t<meta property=\"og:image:height\" content=\"400\" \/>\n\t<meta property=\"og:image:type\" content=\"image\/jpeg\" \/>\n<meta name=\"twitter:card\" content=\"summary_large_image\" \/>\n<script type=\"application\/ld+json\" class=\"yoast-schema-graph\">{\"@context\":\"https:\/\/schema.org\",\"@graph\":[{\"@type\":\"WebPage\",\"@id\":\"https:\/\/www.lehena.com\/es\/handi-surf-hendaya\/\",\"url\":\"https:\/\/www.lehena.com\/es\/handi-surf-hendaya\/\",\"name\":\"Handi Surf Pa\u00eds Vasco | Surf para discapacitados Hendaya | Parasurf Hendaya (64)\",\"isPartOf\":{\"@id\":\"https:\/\/www.lehena.com\/es\/#website\"},\"primaryImageOfPage\":{\"@id\":\"https:\/\/www.lehena.com\/es\/handi-surf-hendaya\/#primaryimage\"},\"image\":{\"@id\":\"https:\/\/www.lehena.com\/es\/handi-surf-hendaya\/#primaryimage\"},\"thumbnailUrl\":\"https:\/\/www.lehena.com\/wp-content\/uploads\/2021\/07\/handisurf-pays-basque-1.jpg\",\"datePublished\":\"2021-05-24T08:07:36+00:00\",\"dateModified\":\"2021-07-22T14:30:14+00:00\",\"description\":\"Lehena, la primera escuela de surf certificada por Handi Surf en Francia: aprende a surfear incluso con una minusval\u00eda gracias a nuestros monitores cualificados en esta especialidad\",\"breadcrumb\":{\"@id\":\"https:\/\/www.lehena.com\/es\/handi-surf-hendaya\/#breadcrumb\"},\"inLanguage\":\"es\",\"potentialAction\":[{\"@type\":\"ReadAction\",\"target\":[\"https:\/\/www.lehena.com\/es\/handi-surf-hendaya\/\"]}]},{\"@type\":\"ImageObject\",\"inLanguage\":\"es\",\"@id\":\"https:\/\/www.lehena.com\/es\/handi-surf-hendaya\/#primaryimage\",\"url\":\"https:\/\/www.lehena.com\/wp-content\/uploads\/2021\/07\/handisurf-pays-basque-1.jpg\",\"contentUrl\":\"https:\/\/www.lehena.com\/wp-content\/uploads\/2021\/07\/handisurf-pays-basque-1.jpg\",\"width\":1900,\"height\":400,\"caption\":\"handisurf pays basque\"},{\"@type\":\"BreadcrumbList\",\"@id\":\"https:\/\/www.lehena.com\/es\/handi-surf-hendaya\/#breadcrumb\",\"itemListElement\":[{\"@type\":\"ListItem\",\"position\":1,\"name\":\"Ecole de surf Hendaye\",\"item\":\"https:\/\/www.lehena.com\/es\/\"},{\"@type\":\"ListItem\",\"position\":2,\"name\":\"Curso de Handi Surf en el Pa\u00eds Vasco\"}]},{\"@type\":\"WebSite\",\"@id\":\"https:\/\/www.lehena.com\/es\/#website\",\"url\":\"https:\/\/www.lehena.com\/es\/\",\"name\":\"Lehena\",\"description\":\"\",\"publisher\":{\"@id\":\"https:\/\/www.lehena.com\/es\/#organization\"},\"potentialAction\":[{\"@type\":\"SearchAction\",\"target\":{\"@type\":\"EntryPoint\",\"urlTemplate\":\"https:\/\/www.lehena.com\/es\/?s={search_term_string}\"},\"query-input\":{\"@type\":\"PropertyValueSpecification\",\"valueRequired\":true,\"valueName\":\"search_term_string\"}}],\"inLanguage\":\"es\"},{\"@type\":\"Organization\",\"@id\":\"https:\/\/www.lehena.com\/es\/#organization\",\"name\":\"Ecole de surf Lehena\",\"url\":\"https:\/\/www.lehena.com\/es\/\",\"logo\":{\"@type\":\"ImageObject\",\"inLanguage\":\"es\",\"@id\":\"https:\/\/www.lehena.com\/es\/#\/schema\/logo\/image\/\",\"url\":\"https:\/\/www.lehena.com\/wp-content\/uploads\/2021\/06\/favicon.png\",\"contentUrl\":\"https:\/\/www.lehena.com\/wp-content\/uploads\/2021\/06\/favicon.png\",\"width\":290,\"height\":290,\"caption\":\"Ecole de surf Lehena\"},\"image\":{\"@id\":\"https:\/\/www.lehena.com\/es\/#\/schema\/logo\/image\/\"}}]}<\/script>\n<!-- \/ Yoast SEO plugin. -->","yoast_head_json":{"title":"Handi Surf Pa\u00eds Vasco | Surf para discapacitados Hendaya | Parasurf Hendaya (64)","description":"Lehena, la primera escuela de surf certificada por Handi Surf en Francia: aprende a surfear incluso con una minusval\u00eda gracias a nuestros monitores cualificados en esta especialidad","robots":{"index":"index","follow":"follow","max-snippet":"max-snippet:-1","max-image-preview":"max-image-preview:large","max-video-preview":"max-video-preview:-1"},"canonical":"https:\/\/www.lehena.com\/es\/handi-surf-hendaya\/","og_locale":"es_ES","og_type":"article","og_title":"Handi Surf Pa\u00eds Vasco | Surf para discapacitados Hendaya | Parasurf Hendaya (64)","og_description":"Lehena, la primera escuela de surf certificada por Handi Surf en Francia: aprende a surfear incluso con una minusval\u00eda gracias a nuestros monitores cualificados en esta especialidad","og_url":"https:\/\/www.lehena.com\/es\/handi-surf-hendaya\/","og_site_name":"Lehena","article_modified_time":"2021-07-22T14:30:14+00:00","og_image":[{"width":1900,"height":400,"url":"https:\/\/www.lehena.com\/wp-content\/uploads\/2021\/07\/handisurf-pays-basque-1.jpg","type":"image\/jpeg"}],"twitter_card":"summary_large_image","schema":{"@context":"https:\/\/schema.org","@graph":[{"@type":"WebPage","@id":"https:\/\/www.lehena.com\/es\/handi-surf-hendaya\/","url":"https:\/\/www.lehena.com\/es\/handi-surf-hendaya\/","name":"Handi Surf Pa\u00eds Vasco | Surf para discapacitados Hendaya | Parasurf Hendaya (64)","isPartOf":{"@id":"https:\/\/www.lehena.com\/es\/#website"},"primaryImageOfPage":{"@id":"https:\/\/www.lehena.com\/es\/handi-surf-hendaya\/#primaryimage"},"image":{"@id":"https:\/\/www.lehena.com\/es\/handi-surf-hendaya\/#primaryimage"},"thumbnailUrl":"https:\/\/www.lehena.com\/wp-content\/uploads\/2021\/07\/handisurf-pays-basque-1.jpg","datePublished":"2021-05-24T08:07:36+00:00","dateModified":"2021-07-22T14:30:14+00:00","description":"Lehena, la primera escuela de surf certificada por Handi Surf en Francia: aprende a surfear incluso con una minusval\u00eda gracias a nuestros monitores cualificados en esta especialidad","breadcrumb":{"@id":"https:\/\/www.lehena.com\/es\/handi-surf-hendaya\/#breadcrumb"},"inLanguage":"es","potentialAction":[{"@type":"ReadAction","target":["https:\/\/www.lehena.com\/es\/handi-surf-hendaya\/"]}]},{"@type":"ImageObject","inLanguage":"es","@id":"https:\/\/www.lehena.com\/es\/handi-surf-hendaya\/#primaryimage","url":"https:\/\/www.lehena.com\/wp-content\/uploads\/2021\/07\/handisurf-pays-basque-1.jpg","contentUrl":"https:\/\/www.lehena.com\/wp-content\/uploads\/2021\/07\/handisurf-pays-basque-1.jpg","width":1900,"height":400,"caption":"handisurf pays basque"},{"@type":"BreadcrumbList","@id":"https:\/\/www.lehena.com\/es\/handi-surf-hendaya\/#breadcrumb","itemListElement":[{"@type":"ListItem","position":1,"name":"Ecole de surf Hendaye","item":"https:\/\/www.lehena.com\/es\/"},{"@type":"ListItem","position":2,"name":"Curso de Handi Surf en el Pa\u00eds Vasco"}]},{"@type":"WebSite","@id":"https:\/\/www.lehena.com\/es\/#website","url":"https:\/\/www.lehena.com\/es\/","name":"Lehena","description":"","publisher":{"@id":"https:\/\/www.lehena.com\/es\/#organization"},"potentialAction":[{"@type":"SearchAction","target":{"@type":"EntryPoint","urlTemplate":"https:\/\/www.lehena.com\/es\/?s={search_term_string}"},"query-input":{"@type":"PropertyValueSpecification","valueRequired":true,"valueName":"search_term_string"}}],"inLanguage":"es"},{"@type":"Organization","@id":"https:\/\/www.lehena.com\/es\/#organization","name":"Ecole de surf Lehena","url":"https:\/\/www.lehena.com\/es\/","logo":{"@type":"ImageObject","inLanguage":"es","@id":"https:\/\/www.lehena.com\/es\/#\/schema\/logo\/image\/","url":"https:\/\/www.lehena.com\/wp-content\/uploads\/2021\/06\/favicon.png","contentUrl":"https:\/\/www.lehena.com\/wp-content\/uploads\/2021\/06\/favicon.png","width":290,"height":290,"caption":"Ecole de surf Lehena"},"image":{"@id":"https:\/\/www.lehena.com\/es\/#\/schema\/logo\/image\/"}}]}},"_links":{"self":[{"href":"https:\/\/www.lehena.com\/es\/wp-json\/wp\/v2\/pages\/1315","targetHints":{"allow":["GET"]}}],"collection":[{"href":"https:\/\/www.lehena.com\/es\/wp-json\/wp\/v2\/pages"}],"about":[{"href":"https:\/\/www.lehena.com\/es\/wp-json\/wp\/v2\/types\/page"}],"author":[{"embeddable":true,"href":"https:\/\/www.lehena.com\/es\/wp-json\/wp\/v2\/users\/1"}],"replies":[{"embeddable":true,"href":"https:\/\/www.lehena.com\/es\/wp-json\/wp\/v2\/comments?post=1315"}],"version-history":[{"count":12,"href":"https:\/\/www.lehena.com\/es\/wp-json\/wp\/v2\/pages\/1315\/revisions"}],"predecessor-version":[{"id":2302,"href":"https:\/\/www.lehena.com\/es\/wp-json\/wp\/v2\/pages\/1315\/revisions\/2302"}],"wp:featuredmedia":[{"embeddable":true,"href":"https:\/\/www.lehena.com\/es\/wp-json\/wp\/v2\/media\/1118"}],"wp:attachment":[{"href":"https:\/\/www.lehena.com\/es\/wp-json\/wp\/v2\/media?parent=1315"}],"curies":[{"name":"wp","href":"https:\/\/api.w.org\/{rel}","templated":true}]}}